{"id":1249,"date":"2022-02-01T09:28:38","date_gmt":"2022-02-01T08:28:38","guid":{"rendered":"https:\/\/www.cave-beblenheim.com\/?page_id=1249"},"modified":"2022-10-26T12:17:21","modified_gmt":"2022-10-26T10:17:21","slug":"our-collections","status":"publish","type":"page","link":"https:\/\/www.cave-beblenheim.com\/en\/our-collections\/","title":{"rendered":"Our Collections"},"content":{"rendered":"\t\t<div data-elementor-type=\"wp-page\" data-elementor-id=\"1249\" class=\"elementor elementor-1249 elementor-26\">\n\t\t\t\t\t\t<section class=\"elementor-section elementor-top-section elementor-element elementor-element-5393c4c5 elementor-section-stretched portfolio-exhibition elementor-section-boxed elementor-section-height-default elementor-section-height-default qodef-elementor-content-no\" data-id=\"5393c4c5\" data-element_type=\"section\" data-e-type=\"section\" data-settings=\"{&quot;stretch_section&quot;:&quot;section-stretched&quot;}\">\n\t\t\t\t\t\t<div class=\"elementor-container elementor-column-gap-default\">\n\t\t\t\t\t<div class=\"elementor-column elementor-col-100 elementor-top-column elementor-element elementor-element-506d7d90\" data-id=\"506d7d90\" data-element_type=\"column\" data-e-type=\"column\">\n\t\t\t<div class=\"elementor-widget-wrap elementor-element-populated\">\n\t\t\t\t\t\t<div class=\"elementor-element elementor-element-b701803 elementor-widget elementor-widget-emaurri_core_portfolio_exhibition\" data-id=\"b701803\" data-element_type=\"widget\" data-e-type=\"widget\" data-widget_type=\"emaurri_core_portfolio_exhibition.default\">\n\t\t\t\t<div class=\"elementor-widget-container\">\n\t\t\t\t\t<div class=\"qodef-shortcode qodef-m qodef-portfolio-exhibition\">\n\t<div class=\"qodef-slides-info-holder\">\n\t\t<article class=\"post-2194 portfolio-item type-portfolio-item status-publish has-post-thumbnail hentry portfolio-category-our-collections\" id=\"2194\">\r\n\t<div class=\"qodef-e-info\">\r\n\t\t<h1 itemprop=\"name\" class=\"qodef-e-title entry-title\" >\r\n\tCr\u00e9mant d\u2019Alsace, our signature wines<\/h1>\t\t<div class=\"qodef-e qodef-portfolio-content\">\n\t<p>We have made Cr\u00e9mant d\u2019Alsace our specialty. These were first tested in 1980, and they soon became a firm favourite. 40 years later, we have dedicated an entire production facility to Cr\u00e9mant, not to mention our nationally- and internationally-renowned expertise in the field. With no fewer than 12 Cr\u00e9mants, we can offer two star-studded collections, each with their own distinct style.<\/p>\n<h3 class=\"portfolio-h3\"><a href=\"https:\/\/www.cave-beblenheim.com\/gamme\/cremants\/les-essentiels\/\">The Essentials<\/a><\/h3>\n<p>Cr\u00e9mants combining the expression of fruit, freshness and finesse. Friendly Cr\u00e9mants to share at any time.<\/p>\n<h3 class=\"portfolio-h3\"><a href=\"https:\/\/www.cave-beblenheim.com\/gamme\/cremants\/les-creations\/\">The Creations<\/a><\/h3>\n<p>Cr\u00e9mants which have had years to age and express their true character. Tasting Cr\u00e9mants, designed for grand tables and special occasions.<\/p>\n<p>&nbsp;<\/p>\n<div>\n<div><a class=\"qodef-shortcode qodef-m qodef-button qodef-layout--outlined qodef-underline--default qodef-html--link\" href=\"https:\/\/www.cave-beblenheim.com\/en\/range\/cremants-en\/\" target=\"_self\" data-hover-color=\"#000000\" style=\"color: #000000;border-color: #E1E1E1;text-transform: uppercase\">\n\t<span class=\"qodef-m-text\">Discover the wines in the range<\/span>\n\t<span class=\"qodef-m-corner qodef--top-left\" ><\/span>\n\t<span class=\"qodef-m-corner qodef--top-right\" ><\/span>\n\t<span class=\"qodef-m-corner qodef--bottom-left\" ><\/span>\n\t<span class=\"qodef-m-corner qodef--bottom-right\" ><\/span>\n\t<span class=\"qodef-m-btn-line qodef-btn-line--top\" style=\"background-color: #000000\"><\/span>\n\t<span class=\"qodef-m-btn-line qodef-btn-line--right\" style=\"background-color: #000000\"><\/span>\n\t<span class=\"qodef-m-btn-line qodef-btn-line--bottom\" style=\"background-color: #000000\"><\/span>\n\t<span class=\"qodef-m-btn-line qodef-btn-line--left\" style=\"background-color: #000000\"><\/span>\n<\/a>\n<\/div>\n<\/div>\n<\/div>\n\t\t<div class=\"qodef-e-portfolio-exhibition-bg-text\"><\/div>\r\n\t<\/div>\r\n<\/article><article class=\"post-2193 portfolio-item type-portfolio-item status-publish has-post-thumbnail hentry portfolio-category-our-collections\" id=\"2193\">\r\n\t<div class=\"qodef-e-info\">\r\n\t\t<h2 itemprop=\"name\" class=\"qodef-e-title entry-title\" >\r\n\tAlsace\u2019s wines<\/h2>\t\t<div class=\"qodef-e qodef-portfolio-content\">\n\t<h3 class=\"portfolio-h3\"><a href=\"https:\/\/www.cave-beblenheim.com\/gamme\/cepages\/\">Grape varieties<\/a><\/h3>\n<p>Fruity and delightful wines, the purest expression of Alsace\u2019s native varieties. With a string of medals and awards from major national and international wine shows, these are from plots with exceptional exposure to the sun and elements. These wines are balanced and supple, designed to be enjoyed young.<\/p>\n<h3 class=\"portfolio-h3\"><a href=\"https:\/\/www.cave-beblenheim.com\/gamme\/vieilles-vignes\/\">Old Vines and Classics<\/a><\/h3>\n<p>Wines made from grapes grown on vines planted more than 25 years ago. Complex and full-bodied wines which preserve the identity of their terroir, while expressing the character of the region\u2019s iconic grape varieties.<\/p>\n<h3 class=\"portfolio-h3\"><a href=\"https:\/\/www.cave-beblenheim.com\/gamme\/passions\/\">Passion<\/a><\/h3>\n<p>Single-plot wines, selected from our most exquisite vineyards. Complex and intense wines, bringing you the very essence of Alsace\u2019s iconic grape varieties.<\/p>\n<p>&nbsp;<\/p>\n<div>\n<div><a class=\"qodef-shortcode qodef-m qodef-button qodef-layout--outlined qodef-underline--default qodef-html--link\" href=\"https:\/\/www.cave-beblenheim.com\/en\/range\/passions-en\/\" target=\"_self\" data-hover-color=\"#000000\" style=\"color: #000000;border-color: #E1E1E1;text-transform: uppercase\">\n\t<span class=\"qodef-m-text\">Discover the wines in the range<\/span>\n\t<span class=\"qodef-m-corner qodef--top-left\" ><\/span>\n\t<span class=\"qodef-m-corner qodef--top-right\" ><\/span>\n\t<span class=\"qodef-m-corner qodef--bottom-left\" ><\/span>\n\t<span class=\"qodef-m-corner qodef--bottom-right\" ><\/span>\n\t<span class=\"qodef-m-btn-line qodef-btn-line--top\" style=\"background-color: #000000\"><\/span>\n\t<span class=\"qodef-m-btn-line qodef-btn-line--right\" style=\"background-color: #000000\"><\/span>\n\t<span class=\"qodef-m-btn-line qodef-btn-line--bottom\" style=\"background-color: #000000\"><\/span>\n\t<span class=\"qodef-m-btn-line qodef-btn-line--left\" style=\"background-color: #000000\"><\/span>\n<\/a>\n<\/div>\n<\/div>\n<\/div>\n\t\t<div class=\"qodef-e-portfolio-exhibition-bg-text\"><\/div>\r\n\t<\/div>\r\n<\/article><article class=\"post-2192 portfolio-item type-portfolio-item status-publish has-post-thumbnail hentry portfolio-category-our-collections\" id=\"2192\">\r\n\t<div class=\"qodef-e-info\">\r\n\t\t<h2 itemprop=\"name\" class=\"qodef-e-title entry-title\" >\r\n\tExceptional wines<\/h2>\t\t<div class=\"qodef-e qodef-portfolio-content\">\n\t<h3 class=\"portfolio-h3\"><a href=\"https:\/\/www.cave-beblenheim.com\/gamme\/grands-crus\/\">Grands Crus<\/a><\/h3>\n<p>Among the most illustrious of our wines, we are proud to present our Grands Crus Sonnenglanz in Pinot Gris and in Gewurztraminer. A masterclass in aromatic depth and complexity, a full expression of the sun\u2019s power and the earth\u2019s bounty, you can feel the energy in each glass. Let\u2019s not forget our Riesling Grand Cru Schoenenbourg de Riquewihr, only a few kilometres away and already completely different: this wine is extremely fine, intense, vivacious, and floral, with an exceptionally long finish.<\/p>\n<p>We also offer wines from our Grand Cru Froehn vineyards in the commune of Zellenberg (Pinot Gris and Gewurztraminer), and the Grand Cru Mandelberg in the commune of Mittelwihr (Gewurztraminer).<\/p>\n<h3 class=\"portfolio-h3\"><a href=\"https:\/\/www.cave-beblenheim.com\/gamme\/sgn-vt\/\">Late Harvests &amp; Noble Selection<\/a><\/h3>\n<p>We only produce wines in our Late Harvest and Noble Selection ranges from our most beautiful vineyards and in the best vintages. These wines are rich and concentrated, with exceptional potential for ageing. We work each wine to ensure that it preserves a fine balance between richness, finesse, and freshness.<\/p>\n<p>&nbsp;<\/p>\n<div>\n<div><a class=\"qodef-shortcode qodef-m qodef-button qodef-layout--outlined qodef-underline--default qodef-html--link\" href=\"https:\/\/www.cave-beblenheim.com\/en\/range\/grands-crus-en\/\" target=\"_self\" data-hover-color=\"#000000\" style=\"color: #000000;border-color: #E1E1E1;text-transform: uppercase\">\n\t<span class=\"qodef-m-text\">Discover the wines in the range<\/span>\n\t<span class=\"qodef-m-corner qodef--top-left\" ><\/span>\n\t<span class=\"qodef-m-corner qodef--top-right\" ><\/span>\n\t<span class=\"qodef-m-corner qodef--bottom-left\" ><\/span>\n\t<span class=\"qodef-m-corner qodef--bottom-right\" ><\/span>\n\t<span class=\"qodef-m-btn-line qodef-btn-line--top\" style=\"background-color: #000000\"><\/span>\n\t<span class=\"qodef-m-btn-line qodef-btn-line--right\" style=\"background-color: #000000\"><\/span>\n\t<span class=\"qodef-m-btn-line qodef-btn-line--bottom\" style=\"background-color: #000000\"><\/span>\n\t<span class=\"qodef-m-btn-line qodef-btn-line--left\" style=\"background-color: #000000\"><\/span>\n<\/a>\n<\/div>\n<\/div>\n<\/div>\n\t\t<div class=\"qodef-e-portfolio-exhibition-bg-text\"><\/div>\r\n\t<\/div>\r\n<\/article><article class=\"post-2191 portfolio-item type-portfolio-item status-publish has-post-thumbnail hentry portfolio-category-our-collections\" id=\"2191\">\r\n\t<div class=\"qodef-e-info\">\r\n\t\t<h2 itemprop=\"name\" class=\"qodef-e-title entry-title\" >\r\n\tOrganic wines and Cr\u00e9mant d\u2019Alsace<\/h2>\t\t<div class=\"qodef-e qodef-portfolio-content\">\n\t<p>Since 2003, the cooperative\u2019s growers have been tending their vines in a deliberately sustainable way, using as few pesticides and herbicides as possible. What\u2019s more, in January 2021, the Cave was awarded the highest grade of the HVE certification, level 3. HVE 3 certification guarantees that our vineyards integrate and promote biodiversity, reducing our intervention as much as possible (plant chemicals, fertiliser, energy, feed, etc.), to ensure that our operation remains sustainable, independent, and helps protect our soil, water, and air.<\/p>\n<p>In 2021, the proportion of the Cave de Beblenheim\u2019s vineyards which are now grown organically increased by 20%. This reflects our growers\u2019 commitment to preserve their land, their terroir, and their environment, ensuring that their children and grandchildren can perpetuate their work and their passion. A full range of organic wines is now available to buy at the Cave de Beblenheim.<\/p>\n<p>&nbsp;<\/p>\n<div>\n<div><a class=\"qodef-shortcode qodef-m qodef-button qodef-layout--outlined qodef-underline--default qodef-html--link\" href=\"https:\/\/www.cave-beblenheim.com\/en\/range\/organic-wines\/\" target=\"_self\" data-hover-color=\"#000000\" style=\"color: #000000;border-color: #E1E1E1;text-transform: uppercase\">\n\t<span class=\"qodef-m-text\">Discover the wines in the range<\/span>\n\t<span class=\"qodef-m-corner qodef--top-left\" ><\/span>\n\t<span class=\"qodef-m-corner qodef--top-right\" ><\/span>\n\t<span class=\"qodef-m-corner qodef--bottom-left\" ><\/span>\n\t<span class=\"qodef-m-corner qodef--bottom-right\" ><\/span>\n\t<span class=\"qodef-m-btn-line qodef-btn-line--top\" style=\"background-color: #000000\"><\/span>\n\t<span class=\"qodef-m-btn-line qodef-btn-line--right\" style=\"background-color: #000000\"><\/span>\n\t<span class=\"qodef-m-btn-line qodef-btn-line--bottom\" style=\"background-color: #000000\"><\/span>\n\t<span class=\"qodef-m-btn-line qodef-btn-line--left\" style=\"background-color: #000000\"><\/span>\n<\/a>\n<\/div>\n<\/div>\n<\/div>\n\t\t<div class=\"qodef-e-portfolio-exhibition-bg-text\"><\/div>\r\n\t<\/div>\r\n<\/article>\t<\/div>\n\t<div class=\"qodef-slides-main-holder\">\n\t\t<article class=\"post-2194 portfolio-item type-portfolio-item status-publish has-post-thumbnail hentry portfolio-category-our-collections\" data-id=\"2194\">\r\n\t<div class=\"qodef-e-info\">\r\n\t\t<h2 itemprop=\"name\" class=\"qodef-e-title entry-title\" >\n\tCr\u00e9mant d\u2019Alsace, our signature wines<\/h2>        <div class=\"qodef-e qodef-portfolio-content\">\n\t<p>We have made Cr\u00e9mant d\u2019Alsace our specialty. These were first tested in 1980, and they soon became a firm favourite. 40 years later, we have dedicated an entire production facility to Cr\u00e9mant, not to mention our nationally- and internationally-renowned expertise in the field. With no fewer than 12 Cr\u00e9mants, we can offer two star-studded collections, each with their own distinct style.<\/p>\n<h3 class=\"portfolio-h3\"><a href=\"https:\/\/www.cave-beblenheim.com\/gamme\/cremants\/les-essentiels\/\">The Essentials<\/a><\/h3>\n<p>Cr\u00e9mants combining the expression of fruit, freshness and finesse. Friendly Cr\u00e9mants to share at any time.<\/p>\n<h3 class=\"portfolio-h3\"><a href=\"https:\/\/www.cave-beblenheim.com\/gamme\/cremants\/les-creations\/\">The Creations<\/a><\/h3>\n<p>Cr\u00e9mants which have had years to age and express their true character. Tasting Cr\u00e9mants, designed for grand tables and special occasions.<\/p>\n<p>&nbsp;<\/p>\n<div>\n<div><a class=\"qodef-shortcode qodef-m qodef-button qodef-layout--outlined qodef-underline--default qodef-html--link\" href=\"https:\/\/www.cave-beblenheim.com\/en\/range\/cremants-en\/\" target=\"_self\" data-hover-color=\"#000000\" style=\"color: #000000;border-color: #E1E1E1;text-transform: uppercase\">\n\t<span class=\"qodef-m-text\">Discover the wines in the range<\/span>\n\t<span class=\"qodef-m-corner qodef--top-left\" ><\/span>\n\t<span class=\"qodef-m-corner qodef--top-right\" ><\/span>\n\t<span class=\"qodef-m-corner qodef--bottom-left\" ><\/span>\n\t<span class=\"qodef-m-corner qodef--bottom-right\" ><\/span>\n\t<span class=\"qodef-m-btn-line qodef-btn-line--top\" style=\"background-color: #000000\"><\/span>\n\t<span class=\"qodef-m-btn-line qodef-btn-line--right\" style=\"background-color: #000000\"><\/span>\n\t<span class=\"qodef-m-btn-line qodef-btn-line--bottom\" style=\"background-color: #000000\"><\/span>\n\t<span class=\"qodef-m-btn-line qodef-btn-line--left\" style=\"background-color: #000000\"><\/span>\n<\/a>\n<\/div>\n<\/div>\n<\/div>\n\t<\/div>\r\n\t<div class=\"qodef-e-image-holder\">\r\n\t\t\t<div class=\"qodef-e-media-image\">\n\t\t<img decoding=\"async\" width=\"960\" height=\"600\" src=\"https:\/\/www.cave-beblenheim.com\/wp-content\/uploads\/2022\/05\/BE-FOND-WEB-GAMME-CREMANTS-1.jpg\" class=\"attachment-full size-full wp-post-image\" alt=\"Gamme Cr\u00e9mants - Cave de Beblenheim\" srcset=\"https:\/\/www.cave-beblenheim.com\/wp-content\/uploads\/2022\/05\/BE-FOND-WEB-GAMME-CREMANTS-1.jpg 960w, https:\/\/www.cave-beblenheim.com\/wp-content\/uploads\/2022\/05\/BE-FOND-WEB-GAMME-CREMANTS-1-300x188.jpg 300w, https:\/\/www.cave-beblenheim.com\/wp-content\/uploads\/2022\/05\/BE-FOND-WEB-GAMME-CREMANTS-1-768x480.jpg 768w, https:\/\/www.cave-beblenheim.com\/wp-content\/uploads\/2022\/05\/BE-FOND-WEB-GAMME-CREMANTS-1-600x375.jpg 600w\" sizes=\"(max-width: 960px) 100vw, 960px\" \/>\t<\/div>\n\t<\/div>\r\n<\/article><article class=\"post-2193 portfolio-item type-portfolio-item status-publish has-post-thumbnail hentry portfolio-category-our-collections\" data-id=\"2193\">\r\n\t<div class=\"qodef-e-info\">\r\n\t\t<h2 itemprop=\"name\" class=\"qodef-e-title entry-title\" >\n\tAlsace\u2019s wines<\/h2>        <div class=\"qodef-e qodef-portfolio-content\">\n\t<h3 class=\"portfolio-h3\"><a href=\"https:\/\/www.cave-beblenheim.com\/gamme\/cepages\/\">Grape varieties<\/a><\/h3>\n<p>Fruity and delightful wines, the purest expression of Alsace\u2019s native varieties. With a string of medals and awards from major national and international wine shows, these are from plots with exceptional exposure to the sun and elements. These wines are balanced and supple, designed to be enjoyed young.<\/p>\n<h3 class=\"portfolio-h3\"><a href=\"https:\/\/www.cave-beblenheim.com\/gamme\/vieilles-vignes\/\">Old Vines and Classics<\/a><\/h3>\n<p>Wines made from grapes grown on vines planted more than 25 years ago. Complex and full-bodied wines which preserve the identity of their terroir, while expressing the character of the region\u2019s iconic grape varieties.<\/p>\n<h3 class=\"portfolio-h3\"><a href=\"https:\/\/www.cave-beblenheim.com\/gamme\/passions\/\">Passion<\/a><\/h3>\n<p>Single-plot wines, selected from our most exquisite vineyards. Complex and intense wines, bringing you the very essence of Alsace\u2019s iconic grape varieties.<\/p>\n<p>&nbsp;<\/p>\n<div>\n<div><a class=\"qodef-shortcode qodef-m qodef-button qodef-layout--outlined qodef-underline--default qodef-html--link\" href=\"https:\/\/www.cave-beblenheim.com\/en\/range\/passions-en\/\" target=\"_self\" data-hover-color=\"#000000\" style=\"color: #000000;border-color: #E1E1E1;text-transform: uppercase\">\n\t<span class=\"qodef-m-text\">Discover the wines in the range<\/span>\n\t<span class=\"qodef-m-corner qodef--top-left\" ><\/span>\n\t<span class=\"qodef-m-corner qodef--top-right\" ><\/span>\n\t<span class=\"qodef-m-corner qodef--bottom-left\" ><\/span>\n\t<span class=\"qodef-m-corner qodef--bottom-right\" ><\/span>\n\t<span class=\"qodef-m-btn-line qodef-btn-line--top\" style=\"background-color: #000000\"><\/span>\n\t<span class=\"qodef-m-btn-line qodef-btn-line--right\" style=\"background-color: #000000\"><\/span>\n\t<span class=\"qodef-m-btn-line qodef-btn-line--bottom\" style=\"background-color: #000000\"><\/span>\n\t<span class=\"qodef-m-btn-line qodef-btn-line--left\" style=\"background-color: #000000\"><\/span>\n<\/a>\n<\/div>\n<\/div>\n<\/div>\n\t<\/div>\r\n\t<div class=\"qodef-e-image-holder\">\r\n\t\t\t<div class=\"qodef-e-media-image\">\n\t\t<img decoding=\"async\" width=\"960\" height=\"600\" src=\"https:\/\/www.cave-beblenheim.com\/wp-content\/uploads\/2022\/05\/BE-FOND-WEB-GAMME-VINS-DALSACE-1.jpg\" class=\"attachment-full size-full wp-post-image\" alt=\"Gamme Vins d&#039;Alsace - Cave de Beblenheim\" srcset=\"https:\/\/www.cave-beblenheim.com\/wp-content\/uploads\/2022\/05\/BE-FOND-WEB-GAMME-VINS-DALSACE-1.jpg 960w, https:\/\/www.cave-beblenheim.com\/wp-content\/uploads\/2022\/05\/BE-FOND-WEB-GAMME-VINS-DALSACE-1-300x188.jpg 300w, https:\/\/www.cave-beblenheim.com\/wp-content\/uploads\/2022\/05\/BE-FOND-WEB-GAMME-VINS-DALSACE-1-768x480.jpg 768w, https:\/\/www.cave-beblenheim.com\/wp-content\/uploads\/2022\/05\/BE-FOND-WEB-GAMME-VINS-DALSACE-1-600x375.jpg 600w\" sizes=\"(max-width: 960px) 100vw, 960px\" \/>\t<\/div>\n\t<\/div>\r\n<\/article><article class=\"post-2192 portfolio-item type-portfolio-item status-publish has-post-thumbnail hentry portfolio-category-our-collections\" data-id=\"2192\">\r\n\t<div class=\"qodef-e-info\">\r\n\t\t<h2 itemprop=\"name\" class=\"qodef-e-title entry-title\" >\n\tExceptional wines<\/h2>        <div class=\"qodef-e qodef-portfolio-content\">\n\t<h3 class=\"portfolio-h3\"><a href=\"https:\/\/www.cave-beblenheim.com\/gamme\/grands-crus\/\">Grands Crus<\/a><\/h3>\n<p>Among the most illustrious of our wines, we are proud to present our Grands Crus Sonnenglanz in Pinot Gris and in Gewurztraminer. A masterclass in aromatic depth and complexity, a full expression of the sun\u2019s power and the earth\u2019s bounty, you can feel the energy in each glass. Let\u2019s not forget our Riesling Grand Cru Schoenenbourg de Riquewihr, only a few kilometres away and already completely different: this wine is extremely fine, intense, vivacious, and floral, with an exceptionally long finish.<\/p>\n<p>We also offer wines from our Grand Cru Froehn vineyards in the commune of Zellenberg (Pinot Gris and Gewurztraminer), and the Grand Cru Mandelberg in the commune of Mittelwihr (Gewurztraminer).<\/p>\n<h3 class=\"portfolio-h3\"><a href=\"https:\/\/www.cave-beblenheim.com\/gamme\/sgn-vt\/\">Late Harvests &amp; Noble Selection<\/a><\/h3>\n<p>We only produce wines in our Late Harvest and Noble Selection ranges from our most beautiful vineyards and in the best vintages. These wines are rich and concentrated, with exceptional potential for ageing. We work each wine to ensure that it preserves a fine balance between richness, finesse, and freshness.<\/p>\n<p>&nbsp;<\/p>\n<div>\n<div><a class=\"qodef-shortcode qodef-m qodef-button qodef-layout--outlined qodef-underline--default qodef-html--link\" href=\"https:\/\/www.cave-beblenheim.com\/en\/range\/grands-crus-en\/\" target=\"_self\" data-hover-color=\"#000000\" style=\"color: #000000;border-color: #E1E1E1;text-transform: uppercase\">\n\t<span class=\"qodef-m-text\">Discover the wines in the range<\/span>\n\t<span class=\"qodef-m-corner qodef--top-left\" ><\/span>\n\t<span class=\"qodef-m-corner qodef--top-right\" ><\/span>\n\t<span class=\"qodef-m-corner qodef--bottom-left\" ><\/span>\n\t<span class=\"qodef-m-corner qodef--bottom-right\" ><\/span>\n\t<span class=\"qodef-m-btn-line qodef-btn-line--top\" style=\"background-color: #000000\"><\/span>\n\t<span class=\"qodef-m-btn-line qodef-btn-line--right\" style=\"background-color: #000000\"><\/span>\n\t<span class=\"qodef-m-btn-line qodef-btn-line--bottom\" style=\"background-color: #000000\"><\/span>\n\t<span class=\"qodef-m-btn-line qodef-btn-line--left\" style=\"background-color: #000000\"><\/span>\n<\/a>\n<\/div>\n<\/div>\n<\/div>\n\t<\/div>\r\n\t<div class=\"qodef-e-image-holder\">\r\n\t\t\t<div class=\"qodef-e-media-image\">\n\t\t<img decoding=\"async\" width=\"960\" height=\"600\" src=\"https:\/\/www.cave-beblenheim.com\/wp-content\/uploads\/2022\/05\/BE-FOND-WEB-GAMME-VINS-DEXCEPTION-1.jpg\" class=\"attachment-full size-full wp-post-image\" alt=\"Gamme Vins d&#039;Exception - Cave de Beblenheim\" srcset=\"https:\/\/www.cave-beblenheim.com\/wp-content\/uploads\/2022\/05\/BE-FOND-WEB-GAMME-VINS-DEXCEPTION-1.jpg 960w, https:\/\/www.cave-beblenheim.com\/wp-content\/uploads\/2022\/05\/BE-FOND-WEB-GAMME-VINS-DEXCEPTION-1-300x188.jpg 300w, https:\/\/www.cave-beblenheim.com\/wp-content\/uploads\/2022\/05\/BE-FOND-WEB-GAMME-VINS-DEXCEPTION-1-768x480.jpg 768w, https:\/\/www.cave-beblenheim.com\/wp-content\/uploads\/2022\/05\/BE-FOND-WEB-GAMME-VINS-DEXCEPTION-1-600x375.jpg 600w\" sizes=\"(max-width: 960px) 100vw, 960px\" \/>\t<\/div>\n\t<\/div>\r\n<\/article><article class=\"post-2191 portfolio-item type-portfolio-item status-publish has-post-thumbnail hentry portfolio-category-our-collections\" data-id=\"2191\">\r\n\t<div class=\"qodef-e-info\">\r\n\t\t<h2 itemprop=\"name\" class=\"qodef-e-title entry-title\" >\n\tOrganic wines and Cr\u00e9mant d\u2019Alsace<\/h2>        <div class=\"qodef-e qodef-portfolio-content\">\n\t<p>Since 2003, the cooperative\u2019s growers have been tending their vines in a deliberately sustainable way, using as few pesticides and herbicides as possible. What\u2019s more, in January 2021, the Cave was awarded the highest grade of the HVE certification, level 3. HVE 3 certification guarantees that our vineyards integrate and promote biodiversity, reducing our intervention as much as possible (plant chemicals, fertiliser, energy, feed, etc.), to ensure that our operation remains sustainable, independent, and helps protect our soil, water, and air.<\/p>\n<p>In 2021, the proportion of the Cave de Beblenheim\u2019s vineyards which are now grown organically increased by 20%. This reflects our growers\u2019 commitment to preserve their land, their terroir, and their environment, ensuring that their children and grandchildren can perpetuate their work and their passion. A full range of organic wines is now available to buy at the Cave de Beblenheim.<\/p>\n<p>&nbsp;<\/p>\n<div>\n<div><a class=\"qodef-shortcode qodef-m qodef-button qodef-layout--outlined qodef-underline--default qodef-html--link\" href=\"https:\/\/www.cave-beblenheim.com\/en\/range\/organic-wines\/\" target=\"_self\" data-hover-color=\"#000000\" style=\"color: #000000;border-color: #E1E1E1;text-transform: uppercase\">\n\t<span class=\"qodef-m-text\">Discover the wines in the range<\/span>\n\t<span class=\"qodef-m-corner qodef--top-left\" ><\/span>\n\t<span class=\"qodef-m-corner qodef--top-right\" ><\/span>\n\t<span class=\"qodef-m-corner qodef--bottom-left\" ><\/span>\n\t<span class=\"qodef-m-corner qodef--bottom-right\" ><\/span>\n\t<span class=\"qodef-m-btn-line qodef-btn-line--top\" style=\"background-color: #000000\"><\/span>\n\t<span class=\"qodef-m-btn-line qodef-btn-line--right\" style=\"background-color: #000000\"><\/span>\n\t<span class=\"qodef-m-btn-line qodef-btn-line--bottom\" style=\"background-color: #000000\"><\/span>\n\t<span class=\"qodef-m-btn-line qodef-btn-line--left\" style=\"background-color: #000000\"><\/span>\n<\/a>\n<\/div>\n<\/div>\n<\/div>\n\t<\/div>\r\n\t<div class=\"qodef-e-image-holder\">\r\n\t\t\t<div class=\"qodef-e-media-image\">\n\t\t<img decoding=\"async\" width=\"960\" height=\"600\" src=\"https:\/\/www.cave-beblenheim.com\/wp-content\/uploads\/2022\/05\/BE-FOND-WEB-GAMME-BIO-1.jpg\" class=\"attachment-full size-full wp-post-image\" alt=\"Gamme Bio - Cave de Beblenheim\" srcset=\"https:\/\/www.cave-beblenheim.com\/wp-content\/uploads\/2022\/05\/BE-FOND-WEB-GAMME-BIO-1.jpg 960w, https:\/\/www.cave-beblenheim.com\/wp-content\/uploads\/2022\/05\/BE-FOND-WEB-GAMME-BIO-1-300x188.jpg 300w, https:\/\/www.cave-beblenheim.com\/wp-content\/uploads\/2022\/05\/BE-FOND-WEB-GAMME-BIO-1-768x480.jpg 768w, https:\/\/www.cave-beblenheim.com\/wp-content\/uploads\/2022\/05\/BE-FOND-WEB-GAMME-BIO-1-600x375.jpg 600w\" sizes=\"(max-width: 960px) 100vw, 960px\" \/>\t<\/div>\n\t<\/div>\r\n<\/article>\t<\/div>\n<\/div>\t\t\t\t<\/div>\n\t\t\t\t<\/div>\n\t\t\t\t\t<\/div>\n\t\t<\/div>\n\t\t\t\t\t<\/div>\n\t\t<\/section>\n\t\t\t\t<\/div>\n\t\t","protected":false},"excerpt":{"rendered":"<p>Les cr\u00e9mants d\u2019Alsace, signature de la cave Nous avons fait des Cr\u00e9mants d\u2019Alsace notre sp\u00e9cialit\u00e9. Les premiers essais de vinifications ont \u00e9t\u00e9 r\u00e9alis\u00e9s en 1980 et se sont av\u00e9r\u00e9s une r\u00e9elle r\u00e9ussite. 40 ann\u00e9es plus tard, nous disposons d\u2019un outil de production \u00e0 part enti\u00e8re sp\u00e9cifiquement d\u00e9di\u00e9 aux Cr\u00e9mants et d\u2019un savoir-faire reconnu nationalement et [&hellip;]<\/p>\n","protected":false},"author":1,"featured_media":0,"parent":0,"menu_order":0,"comment_status":"closed","ping_status":"closed","template":"","meta":{"_acf_changed":false,"footnotes":""},"class_list":["post-1249","page","type-page","status-publish","hentry"],"acf":[],"yoast_head":"<!-- This site is optimized with the Yoast SEO plugin v27.4 - https:\/\/yoast.com\/product\/yoast-seo-wordpress\/ -->\n<title>Nos collections de Vins et Cr\u00e9mants d&#039;Alsace<\/title>\n<meta name=\"description\" content=\"D\u00e9couvrez nos vins en AOP Alsace, AOP Alsace Grand Cru, AOP Cr\u00e9mant d&#039;Alsace, nos Vendanges Tardives et nos vins issus de l&#039;Agriculture Biologique.\" \/>\n<meta name=\"robots\" content=\"index, follow, max-snippet:-1, max-image-preview:large, max-video-preview:-1\" \/>\n<link rel=\"canonical\" href=\"https:\/\/www.cave-beblenheim.com\/en\/our-collections\/\" \/>\n<meta property=\"og:locale\" content=\"en_US\" \/>\n<meta property=\"og:type\" content=\"article\" \/>\n<meta property=\"og:title\" content=\"Nos collections de Vins et Cr\u00e9mants d&#039;Alsace\" \/>\n<meta property=\"og:description\" content=\"D\u00e9couvrez nos vins en AOP Alsace, AOP Alsace Grand Cru, AOP Cr\u00e9mant d&#039;Alsace, nos Vendanges Tardives et nos vins issus de l&#039;Agriculture Biologique.\" \/>\n<meta property=\"og:url\" content=\"https:\/\/www.cave-beblenheim.com\/en\/our-collections\/\" \/>\n<meta property=\"og:site_name\" content=\"Cave de Beblenheim\" \/>\n<meta property=\"article:modified_time\" content=\"2022-10-26T10:17:21+00:00\" \/>\n<meta property=\"og:image\" content=\"https:\/\/www.cave-beblenheim.com\/wp-content\/uploads\/2022\/05\/BE-FOND-WEB-GAMMES.jpg\" \/>\n<meta name=\"twitter:card\" content=\"summary_large_image\" \/>\n<meta name=\"twitter:label1\" content=\"Est. reading time\" \/>\n\t<meta name=\"twitter:data1\" content=\"7 minutes\" \/>\n<script type=\"application\/ld+json\" class=\"yoast-schema-graph\">{\"@context\":\"https:\\\/\\\/schema.org\",\"@graph\":[{\"@type\":\"WebPage\",\"@id\":\"https:\\\/\\\/www.cave-beblenheim.com\\\/en\\\/our-collections\\\/\",\"url\":\"https:\\\/\\\/www.cave-beblenheim.com\\\/en\\\/our-collections\\\/\",\"name\":\"Nos collections de Vins et Cr\u00e9mants d'Alsace\",\"isPartOf\":{\"@id\":\"https:\\\/\\\/www.cave-beblenheim.com\\\/en\\\/#website\"},\"primaryImageOfPage\":{\"@id\":\"https:\\\/\\\/www.cave-beblenheim.com\\\/en\\\/our-collections\\\/#primaryimage\"},\"image\":{\"@id\":\"https:\\\/\\\/www.cave-beblenheim.com\\\/en\\\/our-collections\\\/#primaryimage\"},\"thumbnailUrl\":\"https:\\\/\\\/www.cave-beblenheim.com\\\/wp-content\\\/uploads\\\/2022\\\/05\\\/BE-FOND-WEB-GAMMES.jpg\",\"datePublished\":\"2022-02-01T08:28:38+00:00\",\"dateModified\":\"2022-10-26T10:17:21+00:00\",\"description\":\"D\u00e9couvrez nos vins en AOP Alsace, AOP Alsace Grand Cru, AOP Cr\u00e9mant d'Alsace, nos Vendanges Tardives et nos vins issus de l'Agriculture Biologique.\",\"breadcrumb\":{\"@id\":\"https:\\\/\\\/www.cave-beblenheim.com\\\/en\\\/our-collections\\\/#breadcrumb\"},\"inLanguage\":\"en-US\",\"potentialAction\":[{\"@type\":\"ReadAction\",\"target\":[\"https:\\\/\\\/www.cave-beblenheim.com\\\/en\\\/our-collections\\\/\"]}]},{\"@type\":\"ImageObject\",\"inLanguage\":\"en-US\",\"@id\":\"https:\\\/\\\/www.cave-beblenheim.com\\\/en\\\/our-collections\\\/#primaryimage\",\"url\":\"https:\\\/\\\/www.cave-beblenheim.com\\\/wp-content\\\/uploads\\\/2022\\\/05\\\/BE-FOND-WEB-GAMMES.jpg\",\"contentUrl\":\"https:\\\/\\\/www.cave-beblenheim.com\\\/wp-content\\\/uploads\\\/2022\\\/05\\\/BE-FOND-WEB-GAMMES.jpg\"},{\"@type\":\"BreadcrumbList\",\"@id\":\"https:\\\/\\\/www.cave-beblenheim.com\\\/en\\\/our-collections\\\/#breadcrumb\",\"itemListElement\":[{\"@type\":\"ListItem\",\"position\":1,\"name\":\"Accueil\",\"item\":\"https:\\\/\\\/www.cave-beblenheim.com\\\/en\\\/\"},{\"@type\":\"ListItem\",\"position\":2,\"name\":\"Our Collections\"}]},{\"@type\":\"WebSite\",\"@id\":\"https:\\\/\\\/www.cave-beblenheim.com\\\/en\\\/#website\",\"url\":\"https:\\\/\\\/www.cave-beblenheim.com\\\/en\\\/\",\"name\":\"Cave de Beblenheim\",\"description\":\"\",\"publisher\":{\"@id\":\"https:\\\/\\\/www.cave-beblenheim.com\\\/en\\\/#organization\"},\"potentialAction\":[{\"@type\":\"SearchAction\",\"target\":{\"@type\":\"EntryPoint\",\"urlTemplate\":\"https:\\\/\\\/www.cave-beblenheim.com\\\/en\\\/?s={search_term_string}\"},\"query-input\":{\"@type\":\"PropertyValueSpecification\",\"valueRequired\":true,\"valueName\":\"search_term_string\"}}],\"inLanguage\":\"en-US\"},{\"@type\":\"Organization\",\"@id\":\"https:\\\/\\\/www.cave-beblenheim.com\\\/en\\\/#organization\",\"name\":\"Cave de Beblenheim\",\"url\":\"https:\\\/\\\/www.cave-beblenheim.com\\\/en\\\/\",\"logo\":{\"@type\":\"ImageObject\",\"inLanguage\":\"en-US\",\"@id\":\"https:\\\/\\\/www.cave-beblenheim.com\\\/en\\\/#\\\/schema\\\/logo\\\/image\\\/\",\"url\":\"https:\\\/\\\/www.cave-beblenheim.com\\\/wp-content\\\/uploads\\\/2022\\\/06\\\/BE-Logos-MAIL-.png\",\"contentUrl\":\"https:\\\/\\\/www.cave-beblenheim.com\\\/wp-content\\\/uploads\\\/2022\\\/06\\\/BE-Logos-MAIL-.png\",\"width\":600,\"height\":300,\"caption\":\"Cave de Beblenheim\"},\"image\":{\"@id\":\"https:\\\/\\\/www.cave-beblenheim.com\\\/en\\\/#\\\/schema\\\/logo\\\/image\\\/\"}}]}<\/script>\n<!-- \/ Yoast SEO plugin. -->","yoast_head_json":{"title":"Nos collections de Vins et Cr\u00e9mants d'Alsace","description":"D\u00e9couvrez nos vins en AOP Alsace, AOP Alsace Grand Cru, AOP Cr\u00e9mant d'Alsace, nos Vendanges Tardives et nos vins issus de l'Agriculture Biologique.","robots":{"index":"index","follow":"follow","max-snippet":"max-snippet:-1","max-image-preview":"max-image-preview:large","max-video-preview":"max-video-preview:-1"},"canonical":"https:\/\/www.cave-beblenheim.com\/en\/our-collections\/","og_locale":"en_US","og_type":"article","og_title":"Nos collections de Vins et Cr\u00e9mants d'Alsace","og_description":"D\u00e9couvrez nos vins en AOP Alsace, AOP Alsace Grand Cru, AOP Cr\u00e9mant d'Alsace, nos Vendanges Tardives et nos vins issus de l'Agriculture Biologique.","og_url":"https:\/\/www.cave-beblenheim.com\/en\/our-collections\/","og_site_name":"Cave de Beblenheim","article_modified_time":"2022-10-26T10:17:21+00:00","og_image":[{"url":"https:\/\/www.cave-beblenheim.com\/wp-content\/uploads\/2022\/05\/BE-FOND-WEB-GAMMES.jpg","type":"","width":"","height":""}],"twitter_card":"summary_large_image","twitter_misc":{"Est. reading time":"7 minutes"},"schema":{"@context":"https:\/\/schema.org","@graph":[{"@type":"WebPage","@id":"https:\/\/www.cave-beblenheim.com\/en\/our-collections\/","url":"https:\/\/www.cave-beblenheim.com\/en\/our-collections\/","name":"Nos collections de Vins et Cr\u00e9mants d'Alsace","isPartOf":{"@id":"https:\/\/www.cave-beblenheim.com\/en\/#website"},"primaryImageOfPage":{"@id":"https:\/\/www.cave-beblenheim.com\/en\/our-collections\/#primaryimage"},"image":{"@id":"https:\/\/www.cave-beblenheim.com\/en\/our-collections\/#primaryimage"},"thumbnailUrl":"https:\/\/www.cave-beblenheim.com\/wp-content\/uploads\/2022\/05\/BE-FOND-WEB-GAMMES.jpg","datePublished":"2022-02-01T08:28:38+00:00","dateModified":"2022-10-26T10:17:21+00:00","description":"D\u00e9couvrez nos vins en AOP Alsace, AOP Alsace Grand Cru, AOP Cr\u00e9mant d'Alsace, nos Vendanges Tardives et nos vins issus de l'Agriculture Biologique.","breadcrumb":{"@id":"https:\/\/www.cave-beblenheim.com\/en\/our-collections\/#breadcrumb"},"inLanguage":"en-US","potentialAction":[{"@type":"ReadAction","target":["https:\/\/www.cave-beblenheim.com\/en\/our-collections\/"]}]},{"@type":"ImageObject","inLanguage":"en-US","@id":"https:\/\/www.cave-beblenheim.com\/en\/our-collections\/#primaryimage","url":"https:\/\/www.cave-beblenheim.com\/wp-content\/uploads\/2022\/05\/BE-FOND-WEB-GAMMES.jpg","contentUrl":"https:\/\/www.cave-beblenheim.com\/wp-content\/uploads\/2022\/05\/BE-FOND-WEB-GAMMES.jpg"},{"@type":"BreadcrumbList","@id":"https:\/\/www.cave-beblenheim.com\/en\/our-collections\/#breadcrumb","itemListElement":[{"@type":"ListItem","position":1,"name":"Accueil","item":"https:\/\/www.cave-beblenheim.com\/en\/"},{"@type":"ListItem","position":2,"name":"Our Collections"}]},{"@type":"WebSite","@id":"https:\/\/www.cave-beblenheim.com\/en\/#website","url":"https:\/\/www.cave-beblenheim.com\/en\/","name":"Cave de Beblenheim","description":"","publisher":{"@id":"https:\/\/www.cave-beblenheim.com\/en\/#organization"},"potentialAction":[{"@type":"SearchAction","target":{"@type":"EntryPoint","urlTemplate":"https:\/\/www.cave-beblenheim.com\/en\/?s={search_term_string}"},"query-input":{"@type":"PropertyValueSpecification","valueRequired":true,"valueName":"search_term_string"}}],"inLanguage":"en-US"},{"@type":"Organization","@id":"https:\/\/www.cave-beblenheim.com\/en\/#organization","name":"Cave de Beblenheim","url":"https:\/\/www.cave-beblenheim.com\/en\/","logo":{"@type":"ImageObject","inLanguage":"en-US","@id":"https:\/\/www.cave-beblenheim.com\/en\/#\/schema\/logo\/image\/","url":"https:\/\/www.cave-beblenheim.com\/wp-content\/uploads\/2022\/06\/BE-Logos-MAIL-.png","contentUrl":"https:\/\/www.cave-beblenheim.com\/wp-content\/uploads\/2022\/06\/BE-Logos-MAIL-.png","width":600,"height":300,"caption":"Cave de Beblenheim"},"image":{"@id":"https:\/\/www.cave-beblenheim.com\/en\/#\/schema\/logo\/image\/"}}]}},"_links":{"self":[{"href":"https:\/\/www.cave-beblenheim.com\/en\/wp-json\/wp\/v2\/pages\/1249","targetHints":{"allow":["GET"]}}],"collection":[{"href":"https:\/\/www.cave-beblenheim.com\/en\/wp-json\/wp\/v2\/pages"}],"about":[{"href":"https:\/\/www.cave-beblenheim.com\/en\/wp-json\/wp\/v2\/types\/page"}],"author":[{"embeddable":true,"href":"https:\/\/www.cave-beblenheim.com\/en\/wp-json\/wp\/v2\/users\/1"}],"replies":[{"embeddable":true,"href":"https:\/\/www.cave-beblenheim.com\/en\/wp-json\/wp\/v2\/comments?post=1249"}],"version-history":[{"count":3,"href":"https:\/\/www.cave-beblenheim.com\/en\/wp-json\/wp\/v2\/pages\/1249\/revisions"}],"predecessor-version":[{"id":4427,"href":"https:\/\/www.cave-beblenheim.com\/en\/wp-json\/wp\/v2\/pages\/1249\/revisions\/4427"}],"wp:attachment":[{"href":"https:\/\/www.cave-beblenheim.com\/en\/wp-json\/wp\/v2\/media?parent=1249"}],"curies":[{"name":"wp","href":"https:\/\/api.w.org\/{rel}","templated":true}]}}