{"id":1263,"date":"2022-01-31T08:51:40","date_gmt":"2022-01-31T07:51:40","guid":{"rendered":"https:\/\/www.cave-beblenheim.com\/?page_id=1263"},"modified":"2024-10-29T16:04:55","modified_gmt":"2024-10-29T15:04:55","slug":"term-of-sales","status":"publish","type":"page","link":"https:\/\/www.cave-beblenheim.com\/en\/term-of-sales\/","title":{"rendered":"Term of Sales"},"content":{"rendered":"\t\t<div data-elementor-type=\"wp-page\" data-elementor-id=\"1263\" class=\"elementor elementor-1263 elementor-3\">\n\t\t\t\t\t\t<section class=\"elementor-section elementor-top-section elementor-element elementor-element-576213b8 cgv elementor-section-boxed elementor-section-height-default elementor-section-height-default qodef-elementor-content-no\" data-id=\"576213b8\" data-element_type=\"section\" data-e-type=\"section\">\n\t\t\t\t\t\t<div class=\"elementor-container elementor-column-gap-default\">\n\t\t\t\t\t<div class=\"elementor-column elementor-col-100 elementor-top-column elementor-element elementor-element-482c4662\" data-id=\"482c4662\" data-element_type=\"column\" data-e-type=\"column\">\n\t\t\t<div class=\"elementor-widget-wrap elementor-element-populated\">\n\t\t\t\t\t\t<div class=\"elementor-element elementor-element-0e74235 elementor-widget elementor-widget-heading\" data-id=\"0e74235\" data-element_type=\"widget\" data-e-type=\"widget\" data-widget_type=\"heading.default\">\n\t\t\t\t<div class=\"elementor-widget-container\">\n\t\t\t\t\t<h1 class=\"elementor-heading-title elementor-size-default\">Conditions G\u00e9n\u00e9rales de Ventes<\/h1>\t\t\t\t<\/div>\n\t\t\t\t<\/div>\n\t\t\t\t<div class=\"elementor-element elementor-element-b4ca277 elementor-widget elementor-widget-text-editor\" data-id=\"b4ca277\" data-element_type=\"widget\" data-e-type=\"widget\" data-widget_type=\"text-editor.default\">\n\t\t\t\t<div class=\"elementor-widget-container\">\n\t\t\t\t\t\t\t\t\t<p>Le site internet www.cave-beblenheim.com est la propri\u00e9t\u00e9 de la soci\u00e9t\u00e9 Cave de Beblenheim.<\/p>\n<p>Capital de : 136000 \u20ac<\/p>\n<p>Si\u00e8ge Social : 14 rue de Hoen \u2013 BP 3 \u2013 68980 BEBLENHEIM (France)<br \/>TVA Intracom : FR21778887208<br \/>Siret 77888720800016<br \/>T\u00e9l : +33 (0) 3.89.47.90.02<br \/>Fax : +33 (0)3.89.47.86.85<br \/>www.cave-beblenheim.com<br \/>info@cave-beblenheim.com<\/p>\n<p>Les pr\u00e9sentes Conditions G\u00e9n\u00e9rales de Vente s\u2019appliquent \u00e0 l\u2019exclusion de toutes autres conditions, notamment celles en vigueur pour les ventes effectu\u00e9es directement \u00e0 la Cave de BEBLENHEIM.<\/p>\n<p>Les commandes pass\u00e9es par l\u2019interm\u00e9diaire du site CAVE-BEBLENHEIM.COM sont soumises de plein droit aux pr\u00e9sentes Conditions G\u00e9n\u00e9rales.<\/p>\t\t\t\t\t\t\t\t<\/div>\n\t\t\t\t<\/div>\n\t\t\t\t<div class=\"elementor-element elementor-element-cd79f77 elementor-widget elementor-widget-toggle\" data-id=\"cd79f77\" data-element_type=\"widget\" data-e-type=\"widget\" data-widget_type=\"toggle.default\">\n\t\t\t\t<div class=\"elementor-widget-container\">\n\t\t\t\t\t\t\t<div class=\"elementor-toggle\">\n\t\t\t\t\t\t\t<div class=\"elementor-toggle-item\">\n\t\t\t\t\t<div id=\"elementor-tab-title-2151\" class=\"elementor-tab-title\" data-tab=\"1\" role=\"button\" aria-controls=\"elementor-tab-content-2151\" aria-expanded=\"false\">\n\t\t\t\t\t\t\t\t\t\t\t\t<span class=\"elementor-toggle-icon elementor-toggle-icon-left\" aria-hidden=\"true\">\n\t\t\t\t\t\t\t\t\t\t\t\t\t\t\t<span class=\"elementor-toggle-icon-closed\"><i class=\"fas fa-caret-right\"><\/i><\/span>\n\t\t\t\t\t\t\t\t<span class=\"elementor-toggle-icon-opened\"><i class=\"elementor-toggle-icon-opened fas fa-caret-up\"><\/i><\/span>\n\t\t\t\t\t\t\t\t\t\t\t\t\t<\/span>\n\t\t\t\t\t\t\t\t\t\t\t\t<a class=\"elementor-toggle-title\" tabindex=\"0\">Article 1 \u2013 Validation de la commande<\/a>\n\t\t\t\t\t<\/div>\n\n\t\t\t\t\t<div id=\"elementor-tab-content-2151\" class=\"elementor-tab-content elementor-clearfix\" data-tab=\"1\" role=\"region\" aria-labelledby=\"elementor-tab-title-2151\"><p>Vous d\u00e9clarez avoir pris connaissance et accept\u00e9 les pr\u00e9sentes Conditions G\u00e9n\u00e9rales de Vente \u00e0 la validation de votre commande. La validation de votre commande vaut donc acceptation pure et simple des pr\u00e9sentes Conditions G\u00e9n\u00e9rales de Vente.<\/p><\/div>\n\t\t\t\t<\/div>\n\t\t\t\t\t\t\t<div class=\"elementor-toggle-item\">\n\t\t\t\t\t<div id=\"elementor-tab-title-2152\" class=\"elementor-tab-title\" data-tab=\"2\" role=\"button\" aria-controls=\"elementor-tab-content-2152\" aria-expanded=\"false\">\n\t\t\t\t\t\t\t\t\t\t\t\t<span class=\"elementor-toggle-icon elementor-toggle-icon-left\" aria-hidden=\"true\">\n\t\t\t\t\t\t\t\t\t\t\t\t\t\t\t<span class=\"elementor-toggle-icon-closed\"><i class=\"fas fa-caret-right\"><\/i><\/span>\n\t\t\t\t\t\t\t\t<span class=\"elementor-toggle-icon-opened\"><i class=\"elementor-toggle-icon-opened fas fa-caret-up\"><\/i><\/span>\n\t\t\t\t\t\t\t\t\t\t\t\t\t<\/span>\n\t\t\t\t\t\t\t\t\t\t\t\t<a class=\"elementor-toggle-title\" tabindex=\"0\">Article 2 \u2013 Prix<\/a>\n\t\t\t\t\t<\/div>\n\n\t\t\t\t\t<div id=\"elementor-tab-content-2152\" class=\"elementor-tab-content elementor-clearfix\" data-tab=\"2\" role=\"region\" aria-labelledby=\"elementor-tab-title-2152\"><p>Les prix qui figurent sur le site internet CAVE-BEBLENHEIM.COM sont indiqu\u00e9s en euros toutes taxes comprises. Ils comprennent notamment la TVA et toutes autres taxes applicables aux produits concern\u00e9s, hors frais de livraison.<\/p><p>La Cave de BEBLENHEIM se r\u00e9serve le droit de modifier ses prix \u00e0 tout moment. Les commandes seront factur\u00e9es sur la base des tarifs en vigueur au moment de leur validation sur le site CAVE-BEBLENHEIM.COM.<\/p><\/div>\n\t\t\t\t<\/div>\n\t\t\t\t\t\t\t<div class=\"elementor-toggle-item\">\n\t\t\t\t\t<div id=\"elementor-tab-title-2153\" class=\"elementor-tab-title\" data-tab=\"3\" role=\"button\" aria-controls=\"elementor-tab-content-2153\" aria-expanded=\"false\">\n\t\t\t\t\t\t\t\t\t\t\t\t<span class=\"elementor-toggle-icon elementor-toggle-icon-left\" aria-hidden=\"true\">\n\t\t\t\t\t\t\t\t\t\t\t\t\t\t\t<span class=\"elementor-toggle-icon-closed\"><i class=\"fas fa-caret-right\"><\/i><\/span>\n\t\t\t\t\t\t\t\t<span class=\"elementor-toggle-icon-opened\"><i class=\"elementor-toggle-icon-opened fas fa-caret-up\"><\/i><\/span>\n\t\t\t\t\t\t\t\t\t\t\t\t\t<\/span>\n\t\t\t\t\t\t\t\t\t\t\t\t<a class=\"elementor-toggle-title\" tabindex=\"0\">Article 3 \u2013 Conditions de Paiement<\/a>\n\t\t\t\t\t<\/div>\n\n\t\t\t\t\t<div id=\"elementor-tab-content-2153\" class=\"elementor-tab-content elementor-clearfix\" data-tab=\"3\" role=\"region\" aria-labelledby=\"elementor-tab-title-2153\"><p>La Cave de BEBLENHEIM a adopt\u00e9 les proc\u00e9d\u00e9s de cryptage les plus avanc\u00e9s afin de vous garantir une s\u00e9curit\u00e9 de paiement maximale sur le site CAVE-BEBLENHEIM.COM. L\u2019int\u00e9gralit\u00e9 de vos donn\u00e9es bancaires et personnelles dans le cadre d\u2019un paiement sur le site CAVE-BEBLENHEIM.COM est rendu absolument inaccessible par le protocole de s\u00e9curisation SSL.<\/p><p>Vous pouvez r\u00e9gler vos achats sur notre site CAVE-BEBLENHEIM.COM des mani\u00e8res suivantes :<\/p><p>\u2013 <strong>par carte de cr\u00e9dit<\/strong><\/p><p>\u2013 VISA<\/p><p>\u2013 MasterCard<\/p><p>\u2013 autres Carte Bancaire hors American Express<\/p><p>IMPORTANT : Votre num\u00e9ro de carte de paiement appara\u00eet dans sa totalit\u00e9 lors de la saisie du champ, mais seuls les 5 derniers chiffres seront visibles dans votre compte, les autres \u00e9tant masqu\u00e9s pour des raisons de s\u00e9curit\u00e9.<\/p><p>\u2013 <strong>par ch\u00e8que bancaire<\/strong><\/p><p>Vous pouvez r\u00e9gler votre commande en nous envoyant votre paiement par ch\u00e8que. Il vous suffit de s\u00e9lectionner \u00ab R\u00e8glement par ch\u00e8que \u00bb lors du choix du mode de paiement puis d\u2019imprimer votre mail de confirmation de commande ou le r\u00e9sum\u00e9 de votre commande \u00e0 l\u2019\u00e9cran et de le joindre \u00e0 votre ch\u00e8que.<\/p><p>En cas de paiement par ch\u00e8que bancaire, celui-ci doit \u00eatre \u00e9mis par une banque domicili\u00e9e en France m\u00e9tropolitaine ou \u00e0 Monaco. Votre courrier est \u00e0 adresser dans les 2 jours ouvr\u00e9s suivants la validation de votre commande \u00e0 :<\/p><p>Cave de BEBLENHEIM<br \/>14 rue de Hoen<br \/>BP 3<br \/>68980 BEBLENHEIM<\/p><p>IMPORTANT : en cas de paiement par ch\u00e8que, les d\u00e9lais de livraison seront allong\u00e9s.<\/p><p>Le traitement de votre commande commencera \u00e0 la r\u00e9ception de votre ch\u00e8que.<\/p><\/div>\n\t\t\t\t<\/div>\n\t\t\t\t\t\t\t<div class=\"elementor-toggle-item\">\n\t\t\t\t\t<div id=\"elementor-tab-title-2154\" class=\"elementor-tab-title\" data-tab=\"4\" role=\"button\" aria-controls=\"elementor-tab-content-2154\" aria-expanded=\"false\">\n\t\t\t\t\t\t\t\t\t\t\t\t<span class=\"elementor-toggle-icon elementor-toggle-icon-left\" aria-hidden=\"true\">\n\t\t\t\t\t\t\t\t\t\t\t\t\t\t\t<span class=\"elementor-toggle-icon-closed\"><i class=\"fas fa-caret-right\"><\/i><\/span>\n\t\t\t\t\t\t\t\t<span class=\"elementor-toggle-icon-opened\"><i class=\"elementor-toggle-icon-opened fas fa-caret-up\"><\/i><\/span>\n\t\t\t\t\t\t\t\t\t\t\t\t\t<\/span>\n\t\t\t\t\t\t\t\t\t\t\t\t<a class=\"elementor-toggle-title\" tabindex=\"0\">Article 4 \u2013 Disponibilit\u00e9 de la marchandise<\/a>\n\t\t\t\t\t<\/div>\n\n\t\t\t\t\t<div id=\"elementor-tab-content-2154\" class=\"elementor-tab-content elementor-clearfix\" data-tab=\"4\" role=\"region\" aria-labelledby=\"elementor-tab-title-2154\"><p>Dans l\u2019\u00e9ventualit\u00e9 d\u2019une indisponibilit\u00e9 de produit apr\u00e8s validation de votre commande, nous vous en informerons par mail. En cas de rupture de stock du vin command\u00e9, la Cave de BEBLENHEIM informera le client dans les plus brefs d\u00e9lais. En accord avec le client, la Cave de BEBLENHEIM proposera le remplacement du mill\u00e9sime \u00e9puis\u00e9 par un mill\u00e9sime \u00e9quivalent.<\/p><\/div>\n\t\t\t\t<\/div>\n\t\t\t\t\t\t\t<div class=\"elementor-toggle-item\">\n\t\t\t\t\t<div id=\"elementor-tab-title-2155\" class=\"elementor-tab-title\" data-tab=\"5\" role=\"button\" aria-controls=\"elementor-tab-content-2155\" aria-expanded=\"false\">\n\t\t\t\t\t\t\t\t\t\t\t\t<span class=\"elementor-toggle-icon elementor-toggle-icon-left\" aria-hidden=\"true\">\n\t\t\t\t\t\t\t\t\t\t\t\t\t\t\t<span class=\"elementor-toggle-icon-closed\"><i class=\"fas fa-caret-right\"><\/i><\/span>\n\t\t\t\t\t\t\t\t<span class=\"elementor-toggle-icon-opened\"><i class=\"elementor-toggle-icon-opened fas fa-caret-up\"><\/i><\/span>\n\t\t\t\t\t\t\t\t\t\t\t\t\t<\/span>\n\t\t\t\t\t\t\t\t\t\t\t\t<a class=\"elementor-toggle-title\" tabindex=\"0\">Article 5 \u2013 Livraison<\/a>\n\t\t\t\t\t<\/div>\n\n\t\t\t\t\t<div id=\"elementor-tab-content-2155\" class=\"elementor-tab-content elementor-clearfix\" data-tab=\"5\" role=\"region\" aria-labelledby=\"elementor-tab-title-2155\"><p>Les prix figurant sur ce tarif s\u2019entendent T.T.C. incluant la TVA au taux en vigueur de 20%, en capsule cong\u00e9. Prix d\u00e9part cave. Pour une livraison en France m\u00e9tropolitaine un forfait de port est demand\u00e9 :<\/p><ul><li>1 \u00e0 12 bouteilles : forfait de 24\u20ac<\/li><li>13 \u00e0 59 bouteilles : forfait de 34\u20ac<\/li><li>\u00c0 partir de 60 bouteilles : Franco de port<\/li><\/ul><p>Les produits sont livr\u00e9s \u00e0 l\u2019adresse de livraison que vous avez indiqu\u00e9e au cours du processus de commande.<\/p><p>Le d\u00e9lai de livraison peut varier en fonction de la distance, de 10 \u00e0 15 jours.<\/p><p>Conform\u00e9ment \u00e0 l\u2019Article L 138-2 du Code de la Consommation, en cas de manquement du professionnel \u00e0 son obligation de livraison \u00e0 la date ou \u00e0 l\u2019expiration du d\u00e9lai pr\u00e9vu ou \u00e0 d\u00e9faut, au plus tard 30 jours apr\u00e8s la conclusion du contrat, le consommateur peut r\u00e9soudre le contrat par lettre recommand\u00e9e avec avis de r\u00e9ception ou par \u00e9crit sur un autre support durable si, apr\u00e8s avoir enjoint, selon les m\u00eames modalit\u00e9s, le professionnel d\u2019effectuer la livraison dans un d\u00e9lai suppl\u00e9mentaire raisonnable, ce dernier ne s\u2019est pas ex\u00e9cut\u00e9 dans ce d\u00e9lai. La Cave de BEBLENHEIM proc\u00e9dera au remboursement du produit et aux frais d\u2019exp\u00e9dition, \u00e0 r\u00e9ception du produit par nos soins, complet et dans son \u00e9tat d\u2019origine, les frais de retour restant \u00e0 votre charge.<\/p><p>En cas d\u2019adresse erron\u00e9e, des frais de re-livraison vous seront factur\u00e9s en sus.<\/p><\/div>\n\t\t\t\t<\/div>\n\t\t\t\t\t\t\t<div class=\"elementor-toggle-item\">\n\t\t\t\t\t<div id=\"elementor-tab-title-2156\" class=\"elementor-tab-title\" data-tab=\"6\" role=\"button\" aria-controls=\"elementor-tab-content-2156\" aria-expanded=\"false\">\n\t\t\t\t\t\t\t\t\t\t\t\t<span class=\"elementor-toggle-icon elementor-toggle-icon-left\" aria-hidden=\"true\">\n\t\t\t\t\t\t\t\t\t\t\t\t\t\t\t<span class=\"elementor-toggle-icon-closed\"><i class=\"fas fa-caret-right\"><\/i><\/span>\n\t\t\t\t\t\t\t\t<span class=\"elementor-toggle-icon-opened\"><i class=\"elementor-toggle-icon-opened fas fa-caret-up\"><\/i><\/span>\n\t\t\t\t\t\t\t\t\t\t\t\t\t<\/span>\n\t\t\t\t\t\t\t\t\t\t\t\t<a class=\"elementor-toggle-title\" tabindex=\"0\">Article 6 \u2013 Droit de r\u00e9tractation<\/a>\n\t\t\t\t\t<\/div>\n\n\t\t\t\t\t<div id=\"elementor-tab-content-2156\" class=\"elementor-tab-content elementor-clearfix\" data-tab=\"6\" role=\"region\" aria-labelledby=\"elementor-tab-title-2156\">Conform\u00e9ment aux dispositions de l\u2019article L.121-21 du Code de la Consommation, vous disposez d\u2019un d\u00e9lai de 14 jours \u00e0 compter de la r\u00e9ception de vos produits pour exercer votre droit de r\u00e9tractation aupr\u00e8s de la Cave de BEBLENHEIM sans avoir \u00e0 justifier de motifs ni \u00e0 payer de p\u00e9nalit\u00e9.\n\nEn cas d\u2019exercice du droit de r\u00e9tractation dans le d\u00e9lai pr\u00e9cit\u00e9, seul le prix du ou des produits achet\u00e9s et les frais d\u2019exp\u00e9dition seront rembours\u00e9s ; les frais de retour restant \u00e0 votre charge.\n\nLes retours sont \u00e0 effectuer dans leur \u00e9tat d\u2019origine et complets (emballage, protections\u2026).\n\n<a href=\"https:\/\/www.cave-beblenheim.com\/wp-content\/uploads\/2022\/05\/formulaire-retractation.pdf\" target=\"_blank\">T\u00e9l\u00e9charger la lettre mod\u00e8le de demande de r\u00e9tractation<\/a><\/div>\n\t\t\t\t<\/div>\n\t\t\t\t\t\t\t<div class=\"elementor-toggle-item\">\n\t\t\t\t\t<div id=\"elementor-tab-title-2157\" class=\"elementor-tab-title\" data-tab=\"7\" role=\"button\" aria-controls=\"elementor-tab-content-2157\" aria-expanded=\"false\">\n\t\t\t\t\t\t\t\t\t\t\t\t<span class=\"elementor-toggle-icon elementor-toggle-icon-left\" aria-hidden=\"true\">\n\t\t\t\t\t\t\t\t\t\t\t\t\t\t\t<span class=\"elementor-toggle-icon-closed\"><i class=\"fas fa-caret-right\"><\/i><\/span>\n\t\t\t\t\t\t\t\t<span class=\"elementor-toggle-icon-opened\"><i class=\"elementor-toggle-icon-opened fas fa-caret-up\"><\/i><\/span>\n\t\t\t\t\t\t\t\t\t\t\t\t\t<\/span>\n\t\t\t\t\t\t\t\t\t\t\t\t<a class=\"elementor-toggle-title\" tabindex=\"0\">Article 7 \u2013 Protection des Mineurs<\/a>\n\t\t\t\t\t<\/div>\n\n\t\t\t\t\t<div id=\"elementor-tab-content-2157\" class=\"elementor-tab-content elementor-clearfix\" data-tab=\"7\" role=\"region\" aria-labelledby=\"elementor-tab-title-2157\"><p>Conform\u00e9ment \u00e0 l\u2019article L. 3342-1 du Code de la Sant\u00e9 Publique qui stipule que la vente d\u2019alcool \u00e0 des mineurs de moins de dix huit (18) ans est interdite, l\u2019acheteur confirme en validant sa commande sur le site CAVE-BEBLENHEIM.COM \u00e0 avoir dix huit (18) ans r\u00e9volus \u00e0 la date de la commande.<\/p><\/div>\n\t\t\t\t<\/div>\n\t\t\t\t\t\t\t<div class=\"elementor-toggle-item\">\n\t\t\t\t\t<div id=\"elementor-tab-title-2158\" class=\"elementor-tab-title\" data-tab=\"8\" role=\"button\" aria-controls=\"elementor-tab-content-2158\" aria-expanded=\"false\">\n\t\t\t\t\t\t\t\t\t\t\t\t<span class=\"elementor-toggle-icon elementor-toggle-icon-left\" aria-hidden=\"true\">\n\t\t\t\t\t\t\t\t\t\t\t\t\t\t\t<span class=\"elementor-toggle-icon-closed\"><i class=\"fas fa-caret-right\"><\/i><\/span>\n\t\t\t\t\t\t\t\t<span class=\"elementor-toggle-icon-opened\"><i class=\"elementor-toggle-icon-opened fas fa-caret-up\"><\/i><\/span>\n\t\t\t\t\t\t\t\t\t\t\t\t\t<\/span>\n\t\t\t\t\t\t\t\t\t\t\t\t<a class=\"elementor-toggle-title\" tabindex=\"0\">Article 8 \u2013 R\u00e9serve de Propri\u00e9t\u00e9<\/a>\n\t\t\t\t\t<\/div>\n\n\t\t\t\t\t<div id=\"elementor-tab-content-2158\" class=\"elementor-tab-content elementor-clearfix\" data-tab=\"8\" role=\"region\" aria-labelledby=\"elementor-tab-title-2158\"><p>La marchandise reste la propri\u00e9t\u00e9 de la Cave de BEBLENHEIM jusqu\u2019au paiement int\u00e9gral de la facture, conform\u00e9ment aux termes de la loi n\u00b080 336 du 1er mai 1980, relative \u00e0 la r\u00e9serve de propri\u00e9t\u00e9.<\/p><\/div>\n\t\t\t\t<\/div>\n\t\t\t\t\t\t\t<div class=\"elementor-toggle-item\">\n\t\t\t\t\t<div id=\"elementor-tab-title-2159\" class=\"elementor-tab-title\" data-tab=\"9\" role=\"button\" aria-controls=\"elementor-tab-content-2159\" aria-expanded=\"false\">\n\t\t\t\t\t\t\t\t\t\t\t\t<span class=\"elementor-toggle-icon elementor-toggle-icon-left\" aria-hidden=\"true\">\n\t\t\t\t\t\t\t\t\t\t\t\t\t\t\t<span class=\"elementor-toggle-icon-closed\"><i class=\"fas fa-caret-right\"><\/i><\/span>\n\t\t\t\t\t\t\t\t<span class=\"elementor-toggle-icon-opened\"><i class=\"elementor-toggle-icon-opened fas fa-caret-up\"><\/i><\/span>\n\t\t\t\t\t\t\t\t\t\t\t\t\t<\/span>\n\t\t\t\t\t\t\t\t\t\t\t\t<a class=\"elementor-toggle-title\" tabindex=\"0\">Article 9 \u2013 R\u00e9clamation<\/a>\n\t\t\t\t\t<\/div>\n\n\t\t\t\t\t<div id=\"elementor-tab-content-2159\" class=\"elementor-tab-content elementor-clearfix\" data-tab=\"9\" role=\"region\" aria-labelledby=\"elementor-tab-title-2159\"><p>Toute r\u00e9clamation concernant des probl\u00e8mes de casse, perte ou vol de tout ou partie d\u2019une exp\u00e9dition, devra pour \u00eatre valable, \u00eatre faite au moment de la livraison aupr\u00e8s du transporteur, par une mention expresse et d\u00e9taill\u00e9e sur le bulletin de livraison, puis nous \u00eatre confirm\u00e9e par courrier, t\u00e9l\u00e9phone ou mail sous 48 heures. Apr\u00e8s accord de nos services, les marchandises manquantes ou d\u00e9t\u00e9rior\u00e9es vous seront remplac\u00e9es gratuitement.<\/p><\/div>\n\t\t\t\t<\/div>\n\t\t\t\t\t\t\t<div class=\"elementor-toggle-item\">\n\t\t\t\t\t<div id=\"elementor-tab-title-21510\" class=\"elementor-tab-title\" data-tab=\"10\" role=\"button\" aria-controls=\"elementor-tab-content-21510\" aria-expanded=\"false\">\n\t\t\t\t\t\t\t\t\t\t\t\t<span class=\"elementor-toggle-icon elementor-toggle-icon-left\" aria-hidden=\"true\">\n\t\t\t\t\t\t\t\t\t\t\t\t\t\t\t<span class=\"elementor-toggle-icon-closed\"><i class=\"fas fa-caret-right\"><\/i><\/span>\n\t\t\t\t\t\t\t\t<span class=\"elementor-toggle-icon-opened\"><i class=\"elementor-toggle-icon-opened fas fa-caret-up\"><\/i><\/span>\n\t\t\t\t\t\t\t\t\t\t\t\t\t<\/span>\n\t\t\t\t\t\t\t\t\t\t\t\t<a class=\"elementor-toggle-title\" tabindex=\"0\">Article 10 \u2013 Confidentialit\u00e9 des donn\u00e9es personnelles<\/a>\n\t\t\t\t\t<\/div>\n\n\t\t\t\t\t<div id=\"elementor-tab-content-21510\" class=\"elementor-tab-content elementor-clearfix\" data-tab=\"10\" role=\"region\" aria-labelledby=\"elementor-tab-title-21510\"><p>Conform\u00e9ment \u00e0 l\u2019article 39 et 40 de la loi N. 78-17 du 6 janvier 1978 modifi\u00e9e relative \u00e0 l\u2019informatique, aux fichiers et aux libert\u00e9s, vous disposez d\u2019un droit d\u2019acc\u00e8s, de rectification et de suppression des donn\u00e9es nominatives vous concernant. Vous pouvez exercer ce droit en contactant les \u00e9diteurs du site CAVE-BEBLENHEIM.COM aux coordonn\u00e9es ci-dessus ou par e-mail \u00e0 l\u2019adresse<\/p><p>info@cave-beblenheim.com. En vertu de la loi n\u00b0 2000-719 du 1er ao\u00fbt 2000, les coordonn\u00e9es d\u00e9clar\u00e9es par l\u2019utilisateur pourront \u00eatre communiqu\u00e9es sur r\u00e9quisition des autorit\u00e9s judiciaires.<\/p><\/div>\n\t\t\t\t<\/div>\n\t\t\t\t\t\t\t<div class=\"elementor-toggle-item\">\n\t\t\t\t\t<div id=\"elementor-tab-title-21511\" class=\"elementor-tab-title\" data-tab=\"11\" role=\"button\" aria-controls=\"elementor-tab-content-21511\" aria-expanded=\"false\">\n\t\t\t\t\t\t\t\t\t\t\t\t<span class=\"elementor-toggle-icon elementor-toggle-icon-left\" aria-hidden=\"true\">\n\t\t\t\t\t\t\t\t\t\t\t\t\t\t\t<span class=\"elementor-toggle-icon-closed\"><i class=\"fas fa-caret-right\"><\/i><\/span>\n\t\t\t\t\t\t\t\t<span class=\"elementor-toggle-icon-opened\"><i class=\"elementor-toggle-icon-opened fas fa-caret-up\"><\/i><\/span>\n\t\t\t\t\t\t\t\t\t\t\t\t\t<\/span>\n\t\t\t\t\t\t\t\t\t\t\t\t<a class=\"elementor-toggle-title\" tabindex=\"0\">Article 11 \u2013 Formulaire<\/a>\n\t\t\t\t\t<\/div>\n\n\t\t\t\t\t<div id=\"elementor-tab-content-21511\" class=\"elementor-tab-content elementor-clearfix\" data-tab=\"11\" role=\"region\" aria-labelledby=\"elementor-tab-title-21511\"><p>Les informations recueillies aupr\u00e8s des internautes par le biais des formulaires disponibles sur le site internet CAVE-BEBLENHEIM.COM sont conformes aux dispositions pr\u00e9vues par la loi N. 78-17 du 6 janvier 1978 relative \u00e0 l\u2019informatique, aux fichiers et aux libert\u00e9s.<\/p><\/div>\n\t\t\t\t<\/div>\n\t\t\t\t\t\t\t<div class=\"elementor-toggle-item\">\n\t\t\t\t\t<div id=\"elementor-tab-title-21512\" class=\"elementor-tab-title\" data-tab=\"12\" role=\"button\" aria-controls=\"elementor-tab-content-21512\" aria-expanded=\"false\">\n\t\t\t\t\t\t\t\t\t\t\t\t<span class=\"elementor-toggle-icon elementor-toggle-icon-left\" aria-hidden=\"true\">\n\t\t\t\t\t\t\t\t\t\t\t\t\t\t\t<span class=\"elementor-toggle-icon-closed\"><i class=\"fas fa-caret-right\"><\/i><\/span>\n\t\t\t\t\t\t\t\t<span class=\"elementor-toggle-icon-opened\"><i class=\"elementor-toggle-icon-opened fas fa-caret-up\"><\/i><\/span>\n\t\t\t\t\t\t\t\t\t\t\t\t\t<\/span>\n\t\t\t\t\t\t\t\t\t\t\t\t<a class=\"elementor-toggle-title\" tabindex=\"0\">Article 12 \u2013 Droit de Propri\u00e9t\u00e9 Intellectuelle<\/a>\n\t\t\t\t\t<\/div>\n\n\t\t\t\t\t<div id=\"elementor-tab-content-21512\" class=\"elementor-tab-content elementor-clearfix\" data-tab=\"12\" role=\"region\" aria-labelledby=\"elementor-tab-title-21512\"><p>La structure g\u00e9n\u00e9rale ainsi que les textes, images anim\u00e9es ou non, et tous les \u00e9l\u00e9ments composant le site internet CAVE-BEBLENHEIM.COM sont la propri\u00e9t\u00e9 de la Cave de BEBLENHEIM. La reproduction de tout ou partie de ce site, sur quelque support que ce soit, est formellement interdite sauf autorisation expresse de la Cave de BEBLENHEIM.<\/p><p>Toute repr\u00e9sentation, reproduction de ce site, par quelque proc\u00e9d\u00e9 que ce soit, constituerait une contrefa\u00e7on sanctionn\u00e9e par les articles L.335-2 et suivants du Code de la Propri\u00e9t\u00e9 Intellectuelle.<\/p><\/div>\n\t\t\t\t<\/div>\n\t\t\t\t\t\t\t<div class=\"elementor-toggle-item\">\n\t\t\t\t\t<div id=\"elementor-tab-title-21513\" class=\"elementor-tab-title\" data-tab=\"13\" role=\"button\" aria-controls=\"elementor-tab-content-21513\" aria-expanded=\"false\">\n\t\t\t\t\t\t\t\t\t\t\t\t<span class=\"elementor-toggle-icon elementor-toggle-icon-left\" aria-hidden=\"true\">\n\t\t\t\t\t\t\t\t\t\t\t\t\t\t\t<span class=\"elementor-toggle-icon-closed\"><i class=\"fas fa-caret-right\"><\/i><\/span>\n\t\t\t\t\t\t\t\t<span class=\"elementor-toggle-icon-opened\"><i class=\"elementor-toggle-icon-opened fas fa-caret-up\"><\/i><\/span>\n\t\t\t\t\t\t\t\t\t\t\t\t\t<\/span>\n\t\t\t\t\t\t\t\t\t\t\t\t<a class=\"elementor-toggle-title\" tabindex=\"0\">Article 13 \u2013 Droit Applicable<\/a>\n\t\t\t\t\t<\/div>\n\n\t\t\t\t\t<div id=\"elementor-tab-content-21513\" class=\"elementor-tab-content elementor-clearfix\" data-tab=\"13\" role=\"region\" aria-labelledby=\"elementor-tab-title-21513\"><p>Selon les dispositions de l\u2019article L.141-5, le consommateur peut saisir \u00e0 son choix, outre l\u2019une des juridictions territorialement comp\u00e9tentes en vertu du code de proc\u00e9dure civile, la juridiction du lieu o\u00f9 il demeurait au moment de la conclusion du contrat ou de la survenance du fait dommageable.<\/p><\/div>\n\t\t\t\t<\/div>\n\t\t\t\t\t\t\t<div class=\"elementor-toggle-item\">\n\t\t\t\t\t<div id=\"elementor-tab-title-21514\" class=\"elementor-tab-title\" data-tab=\"14\" role=\"button\" aria-controls=\"elementor-tab-content-21514\" aria-expanded=\"false\">\n\t\t\t\t\t\t\t\t\t\t\t\t<span class=\"elementor-toggle-icon elementor-toggle-icon-left\" aria-hidden=\"true\">\n\t\t\t\t\t\t\t\t\t\t\t\t\t\t\t<span class=\"elementor-toggle-icon-closed\"><i class=\"fas fa-caret-right\"><\/i><\/span>\n\t\t\t\t\t\t\t\t<span class=\"elementor-toggle-icon-opened\"><i class=\"elementor-toggle-icon-opened fas fa-caret-up\"><\/i><\/span>\n\t\t\t\t\t\t\t\t\t\t\t\t\t<\/span>\n\t\t\t\t\t\t\t\t\t\t\t\t<a class=\"elementor-toggle-title\" tabindex=\"0\">Article 14 \u2013 Langue Applicable<\/a>\n\t\t\t\t\t<\/div>\n\n\t\t\t\t\t<div id=\"elementor-tab-content-21514\" class=\"elementor-tab-content elementor-clearfix\" data-tab=\"14\" role=\"region\" aria-labelledby=\"elementor-tab-title-21514\"><p>La langue d\u2019interpr\u00e9tation des pr\u00e9sentes Conditions G\u00e9n\u00e9rales de Vente est le fran\u00e7ais.<\/p><\/div>\n\t\t\t\t<\/div>\n\t\t\t\t\t\t\t<div class=\"elementor-toggle-item\">\n\t\t\t\t\t<div id=\"elementor-tab-title-21515\" class=\"elementor-tab-title\" data-tab=\"15\" role=\"button\" aria-controls=\"elementor-tab-content-21515\" aria-expanded=\"false\">\n\t\t\t\t\t\t\t\t\t\t\t\t<span class=\"elementor-toggle-icon elementor-toggle-icon-left\" aria-hidden=\"true\">\n\t\t\t\t\t\t\t\t\t\t\t\t\t\t\t<span class=\"elementor-toggle-icon-closed\"><i class=\"fas fa-caret-right\"><\/i><\/span>\n\t\t\t\t\t\t\t\t<span class=\"elementor-toggle-icon-opened\"><i class=\"elementor-toggle-icon-opened fas fa-caret-up\"><\/i><\/span>\n\t\t\t\t\t\t\t\t\t\t\t\t\t<\/span>\n\t\t\t\t\t\t\t\t\t\t\t\t<a class=\"elementor-toggle-title\" tabindex=\"0\">Article 15 \u2013 Nous Contacter \u2013 Assistance<\/a>\n\t\t\t\t\t<\/div>\n\n\t\t\t\t\t<div id=\"elementor-tab-content-21515\" class=\"elementor-tab-content elementor-clearfix\" data-tab=\"15\" role=\"region\" aria-labelledby=\"elementor-tab-title-21515\">Pour toute information compl\u00e9mentaire, vous pouvez adresser un courrier \u00e9lectronique \u00e0 l\u2019adresse <a href=\"mailto:info@cave-beblenheim.com\">info@cave-beblenheim.com<\/a><\/div>\n\t\t\t\t<\/div>\n\t\t\t\t\t\t\t\t<\/div>\n\t\t\t\t\t\t<\/div>\n\t\t\t\t<\/div>\n\t\t\t\t\t<\/div>\n\t\t<\/div>\n\t\t\t\t\t<\/div>\n\t\t<\/section>\n\t\t\t\t<\/div>\n\t\t","protected":false},"excerpt":{"rendered":"<p>Conditions G\u00e9n\u00e9rales de Ventes Le site internet www.cave-beblenheim.com est la propri\u00e9t\u00e9 de la soci\u00e9t\u00e9 Cave de Beblenheim. Capital de : 136000 \u20ac Si\u00e8ge Social : 14 rue de Hoen \u2013 BP 3 \u2013 68980 BEBLENHEIM (France)TVA Intracom : FR21778887208Siret 77888720800016T\u00e9l : +33 (0) 3.89.47.90.02Fax : +33 (0)3.89.47.86.85www.cave-beblenheim.cominfo@cave-beblenheim.com Les pr\u00e9sentes Conditions G\u00e9n\u00e9rales de Vente s\u2019appliquent \u00e0 [&hellip;]<\/p>\n","protected":false},"author":1,"featured_media":0,"parent":0,"menu_order":0,"comment_status":"closed","ping_status":"closed","template":"","meta":{"_acf_changed":false,"footnotes":""},"class_list":["post-1263","page","type-page","status-publish","hentry"],"acf":[],"yoast_head":"<!-- This site is optimized with the Yoast SEO plugin v27.4 - https:\/\/yoast.com\/product\/yoast-seo-wordpress\/ -->\n<title>Term of Sales - Cave de Beblenheim<\/title>\n<meta name=\"robots\" content=\"noindex, follow\" \/>\n<meta property=\"og:locale\" content=\"en_US\" \/>\n<meta property=\"og:type\" content=\"article\" \/>\n<meta property=\"og:title\" content=\"Term of Sales - Cave de Beblenheim\" \/>\n<meta property=\"og:description\" content=\"Conditions G\u00e9n\u00e9rales de Ventes Le site internet www.cave-beblenheim.com est la propri\u00e9t\u00e9 de la soci\u00e9t\u00e9 Cave de Beblenheim. Capital de : 136000 \u20ac Si\u00e8ge Social : 14 rue de Hoen \u2013 BP 3 \u2013 68980 BEBLENHEIM (France)TVA Intracom : FR21778887208Siret 77888720800016T\u00e9l : +33 (0) 3.89.47.90.02Fax : +33 (0)3.89.47.86.85www.cave-beblenheim.cominfo@cave-beblenheim.com Les pr\u00e9sentes Conditions G\u00e9n\u00e9rales de Vente s\u2019appliquent \u00e0 [&hellip;]\" \/>\n<meta property=\"og:url\" content=\"https:\/\/www.cave-beblenheim.com\/en\/term-of-sales\/\" \/>\n<meta property=\"og:site_name\" content=\"Cave de Beblenheim\" \/>\n<meta property=\"article:modified_time\" content=\"2024-10-29T15:04:55+00:00\" \/>\n<meta name=\"twitter:card\" content=\"summary_large_image\" \/>\n<meta name=\"twitter:label1\" content=\"Est. reading time\" \/>\n\t<meta name=\"twitter:data1\" content=\"6 minutes\" \/>\n<script type=\"application\/ld+json\" class=\"yoast-schema-graph\">{\"@context\":\"https:\\\/\\\/schema.org\",\"@graph\":[{\"@type\":\"WebPage\",\"@id\":\"https:\\\/\\\/www.cave-beblenheim.com\\\/en\\\/term-of-sales\\\/\",\"url\":\"https:\\\/\\\/www.cave-beblenheim.com\\\/en\\\/term-of-sales\\\/\",\"name\":\"Term of Sales - Cave de Beblenheim\",\"isPartOf\":{\"@id\":\"https:\\\/\\\/www.cave-beblenheim.com\\\/en\\\/#website\"},\"datePublished\":\"2022-01-31T07:51:40+00:00\",\"dateModified\":\"2024-10-29T15:04:55+00:00\",\"breadcrumb\":{\"@id\":\"https:\\\/\\\/www.cave-beblenheim.com\\\/en\\\/term-of-sales\\\/#breadcrumb\"},\"inLanguage\":\"en-US\",\"potentialAction\":[{\"@type\":\"ReadAction\",\"target\":[\"https:\\\/\\\/www.cave-beblenheim.com\\\/en\\\/term-of-sales\\\/\"]}]},{\"@type\":\"BreadcrumbList\",\"@id\":\"https:\\\/\\\/www.cave-beblenheim.com\\\/en\\\/term-of-sales\\\/#breadcrumb\",\"itemListElement\":[{\"@type\":\"ListItem\",\"position\":1,\"name\":\"Accueil\",\"item\":\"https:\\\/\\\/www.cave-beblenheim.com\\\/en\\\/\"},{\"@type\":\"ListItem\",\"position\":2,\"name\":\"Term of Sales\"}]},{\"@type\":\"WebSite\",\"@id\":\"https:\\\/\\\/www.cave-beblenheim.com\\\/en\\\/#website\",\"url\":\"https:\\\/\\\/www.cave-beblenheim.com\\\/en\\\/\",\"name\":\"Cave de Beblenheim\",\"description\":\"\",\"publisher\":{\"@id\":\"https:\\\/\\\/www.cave-beblenheim.com\\\/en\\\/#organization\"},\"potentialAction\":[{\"@type\":\"SearchAction\",\"target\":{\"@type\":\"EntryPoint\",\"urlTemplate\":\"https:\\\/\\\/www.cave-beblenheim.com\\\/en\\\/?s={search_term_string}\"},\"query-input\":{\"@type\":\"PropertyValueSpecification\",\"valueRequired\":true,\"valueName\":\"search_term_string\"}}],\"inLanguage\":\"en-US\"},{\"@type\":\"Organization\",\"@id\":\"https:\\\/\\\/www.cave-beblenheim.com\\\/en\\\/#organization\",\"name\":\"Cave de Beblenheim\",\"url\":\"https:\\\/\\\/www.cave-beblenheim.com\\\/en\\\/\",\"logo\":{\"@type\":\"ImageObject\",\"inLanguage\":\"en-US\",\"@id\":\"https:\\\/\\\/www.cave-beblenheim.com\\\/en\\\/#\\\/schema\\\/logo\\\/image\\\/\",\"url\":\"https:\\\/\\\/www.cave-beblenheim.com\\\/wp-content\\\/uploads\\\/2022\\\/06\\\/BE-Logos-MAIL-.png\",\"contentUrl\":\"https:\\\/\\\/www.cave-beblenheim.com\\\/wp-content\\\/uploads\\\/2022\\\/06\\\/BE-Logos-MAIL-.png\",\"width\":600,\"height\":300,\"caption\":\"Cave de Beblenheim\"},\"image\":{\"@id\":\"https:\\\/\\\/www.cave-beblenheim.com\\\/en\\\/#\\\/schema\\\/logo\\\/image\\\/\"}}]}<\/script>\n<!-- \/ Yoast SEO plugin. -->","yoast_head_json":{"title":"Term of Sales - Cave de Beblenheim","robots":{"index":"noindex","follow":"follow"},"og_locale":"en_US","og_type":"article","og_title":"Term of Sales - Cave de Beblenheim","og_description":"Conditions G\u00e9n\u00e9rales de Ventes Le site internet www.cave-beblenheim.com est la propri\u00e9t\u00e9 de la soci\u00e9t\u00e9 Cave de Beblenheim. Capital de : 136000 \u20ac Si\u00e8ge Social : 14 rue de Hoen \u2013 BP 3 \u2013 68980 BEBLENHEIM (France)TVA Intracom : FR21778887208Siret 77888720800016T\u00e9l : +33 (0) 3.89.47.90.02Fax : +33 (0)3.89.47.86.85www.cave-beblenheim.cominfo@cave-beblenheim.com Les pr\u00e9sentes Conditions G\u00e9n\u00e9rales de Vente s\u2019appliquent \u00e0 [&hellip;]","og_url":"https:\/\/www.cave-beblenheim.com\/en\/term-of-sales\/","og_site_name":"Cave de Beblenheim","article_modified_time":"2024-10-29T15:04:55+00:00","twitter_card":"summary_large_image","twitter_misc":{"Est. reading time":"6 minutes"},"schema":{"@context":"https:\/\/schema.org","@graph":[{"@type":"WebPage","@id":"https:\/\/www.cave-beblenheim.com\/en\/term-of-sales\/","url":"https:\/\/www.cave-beblenheim.com\/en\/term-of-sales\/","name":"Term of Sales - Cave de Beblenheim","isPartOf":{"@id":"https:\/\/www.cave-beblenheim.com\/en\/#website"},"datePublished":"2022-01-31T07:51:40+00:00","dateModified":"2024-10-29T15:04:55+00:00","breadcrumb":{"@id":"https:\/\/www.cave-beblenheim.com\/en\/term-of-sales\/#breadcrumb"},"inLanguage":"en-US","potentialAction":[{"@type":"ReadAction","target":["https:\/\/www.cave-beblenheim.com\/en\/term-of-sales\/"]}]},{"@type":"BreadcrumbList","@id":"https:\/\/www.cave-beblenheim.com\/en\/term-of-sales\/#breadcrumb","itemListElement":[{"@type":"ListItem","position":1,"name":"Accueil","item":"https:\/\/www.cave-beblenheim.com\/en\/"},{"@type":"ListItem","position":2,"name":"Term of Sales"}]},{"@type":"WebSite","@id":"https:\/\/www.cave-beblenheim.com\/en\/#website","url":"https:\/\/www.cave-beblenheim.com\/en\/","name":"Cave de Beblenheim","description":"","publisher":{"@id":"https:\/\/www.cave-beblenheim.com\/en\/#organization"},"potentialAction":[{"@type":"SearchAction","target":{"@type":"EntryPoint","urlTemplate":"https:\/\/www.cave-beblenheim.com\/en\/?s={search_term_string}"},"query-input":{"@type":"PropertyValueSpecification","valueRequired":true,"valueName":"search_term_string"}}],"inLanguage":"en-US"},{"@type":"Organization","@id":"https:\/\/www.cave-beblenheim.com\/en\/#organization","name":"Cave de Beblenheim","url":"https:\/\/www.cave-beblenheim.com\/en\/","logo":{"@type":"ImageObject","inLanguage":"en-US","@id":"https:\/\/www.cave-beblenheim.com\/en\/#\/schema\/logo\/image\/","url":"https:\/\/www.cave-beblenheim.com\/wp-content\/uploads\/2022\/06\/BE-Logos-MAIL-.png","contentUrl":"https:\/\/www.cave-beblenheim.com\/wp-content\/uploads\/2022\/06\/BE-Logos-MAIL-.png","width":600,"height":300,"caption":"Cave de Beblenheim"},"image":{"@id":"https:\/\/www.cave-beblenheim.com\/en\/#\/schema\/logo\/image\/"}}]}},"_links":{"self":[{"href":"https:\/\/www.cave-beblenheim.com\/en\/wp-json\/wp\/v2\/pages\/1263","targetHints":{"allow":["GET"]}}],"collection":[{"href":"https:\/\/www.cave-beblenheim.com\/en\/wp-json\/wp\/v2\/pages"}],"about":[{"href":"https:\/\/www.cave-beblenheim.com\/en\/wp-json\/wp\/v2\/types\/page"}],"author":[{"embeddable":true,"href":"https:\/\/www.cave-beblenheim.com\/en\/wp-json\/wp\/v2\/users\/1"}],"replies":[{"embeddable":true,"href":"https:\/\/www.cave-beblenheim.com\/en\/wp-json\/wp\/v2\/comments?post=1263"}],"version-history":[{"count":9,"href":"https:\/\/www.cave-beblenheim.com\/en\/wp-json\/wp\/v2\/pages\/1263\/revisions"}],"predecessor-version":[{"id":10544,"href":"https:\/\/www.cave-beblenheim.com\/en\/wp-json\/wp\/v2\/pages\/1263\/revisions\/10544"}],"wp:attachment":[{"href":"https:\/\/www.cave-beblenheim.com\/en\/wp-json\/wp\/v2\/media?parent=1263"}],"curies":[{"name":"wp","href":"https:\/\/api.w.org\/{rel}","templated":true}]}}